{"id":2649,"date":"2021-07-27T11:53:02","date_gmt":"2021-07-27T09:53:02","guid":{"rendered":"https:\/\/lefrancparler.com\/nos-cours\/"},"modified":"2025-11-18T11:44:09","modified_gmt":"2025-11-18T10:44:09","slug":"nos-cours","status":"publish","type":"page","link":"https:\/\/lefrancparler.com\/fr\/nos-cours\/","title":{"rendered":"Nos cours"},"content":{"rendered":"<p><div class=\"fusion-fullwidth fullwidth-box fusion-builder-row-1 fusion-flex-container nonhundred-percent-fullwidth non-hundred-percent-height-scrolling\" style=\"--awb-border-radius-top-left:0px;--awb-border-radius-top-right:0px;--awb-border-radius-bottom-right:0px;--awb-border-radius-bottom-left:0px;--awb-padding-bottom:20px;--awb-margin-top:20px;--awb-margin-bottom:20px;--awb-flex-wrap:wrap;\" ><div class=\"fusion-builder-row fusion-row fusion-flex-align-items-flex-start fusion-flex-content-wrap\" style=\"max-width:calc( 1100px + 50px );margin-left: calc(-50px \/ 2 );margin-right: calc(-50px \/ 2 );\"><div class=\"fusion-layout-column fusion_builder_column fusion-builder-column-0 fusion_builder_column_1_2 1_2 fusion-flex-column\" style=\"--awb-padding-top:20px;--awb-padding-right:20px;--awb-padding-bottom:20px;--awb-bg-size:cover;--awb-width-large:50%;--awb-margin-top-large:0px;--awb-spacing-right-large:25px;--awb-margin-bottom-large:10px;--awb-spacing-left-large:25px;--awb-width-medium:100%;--awb-order-medium:0;--awb-spacing-right-medium:25px;--awb-spacing-left-medium:25px;--awb-width-small:100%;--awb-order-small:0;--awb-spacing-right-small:25px;--awb-spacing-left-small:25px;\"><div class=\"fusion-column-wrapper fusion-column-has-shadow fusion-flex-justify-content-flex-start fusion-content-layout-column\"><div class=\"fusion-text fusion-text-1\"><p>Apprendre le fran\u00e7ais \u00e0 Bordeaux &#8211; nous vous proposons une m\u00e9thode d&#8217;enseignement du fran\u00e7ais efficace et motivante, adapt\u00e9e \u00e0 vos besoins linguistiques.<\/p>\n<p>A l&#8217;\u00e9cole Franc Parler, la plupart des cours sont dispens\u00e9s par un seul professeur : Pascale Genet-Martorello rend son cours de fran\u00e7ais en France dans la belle ville de Bordeaux tr\u00e8s sp\u00e9cial !<\/p>\n<p>Avec une solide formation universitaire de troisi\u00e8me cycle en langue, grammaire et litt\u00e9rature fran\u00e7aises, son exp\u00e9rience en France et \u00e0 l&#8217;\u00e9tranger, sa capacit\u00e9 d&#8217;\u00e9coute et son service attentif et personnalis\u00e9, Pascale Genet-Martorello s&#8217;assure que vous ferez des progr\u00e8s significatifs pendant votre cours de fran\u00e7ais en France. Tous les cours intensifs de fran\u00e7ais en France que nous proposons sont caract\u00e9ris\u00e9s par une passion pour la langue fran\u00e7aise et un d\u00e9sir de partager sa richesse.<\/p>\n<\/div><\/div><\/div><div class=\"fusion-layout-column fusion_builder_column fusion-builder-column-1 fusion_builder_column_1_2 1_2 fusion-flex-column fusion-flex-align-self-center\" style=\"--awb-bg-size:cover;--awb-box-shadow: 0px 0px #000000;;--awb-width-large:50%;--awb-margin-top-large:0px;--awb-spacing-right-large:25px;--awb-margin-bottom-large:10px;--awb-spacing-left-large:25px;--awb-width-medium:100%;--awb-order-medium:0;--awb-spacing-right-medium:25px;--awb-spacing-left-medium:25px;--awb-width-small:100%;--awb-order-small:0;--awb-spacing-right-small:25px;--awb-spacing-left-small:25px;\"><div class=\"fusion-column-wrapper fusion-column-has-shadow fusion-flex-justify-content-center fusion-content-layout-column\"><div class=\"fusion-image-element \" style=\"text-align:center;--awb-caption-title-font-family:var(--h2_typography-font-family);--awb-caption-title-font-weight:var(--h2_typography-font-weight);--awb-caption-title-font-style:var(--h2_typography-font-style);--awb-caption-title-size:var(--h2_typography-font-size);--awb-caption-title-transform:var(--h2_typography-text-transform);--awb-caption-title-line-height:var(--h2_typography-line-height);--awb-caption-title-letter-spacing:var(--h2_typography-letter-spacing);\"><span class=\" fusion-imageframe imageframe-dropshadow imageframe-1 hover-type-zoomin\" style=\"border:2px solid #d2d3d4;-webkit-box-shadow: 3px 3px 7px rgba(0,0,0,0.3);box-shadow: 3px 3px 7px rgba(0,0,0,0.3);\"><img decoding=\"async\" width=\"640\" height=\"480\" alt=\"Language course in Bordeaux - presentation of a learning group.\" title=\"Groupe-d\u00e9tude\" src=\"https:\/\/lefrancparler.com\/wp-content\/uploads\/2021\/07\/Groupe-detude.jpg\" class=\"img-responsive wp-image-1495\" srcset=\"https:\/\/lefrancparler.com\/wp-content\/uploads\/2021\/07\/Groupe-detude-200x150.jpg 200w, https:\/\/lefrancparler.com\/wp-content\/uploads\/2021\/07\/Groupe-detude-400x300.jpg 400w, https:\/\/lefrancparler.com\/wp-content\/uploads\/2021\/07\/Groupe-detude-600x450.jpg 600w, https:\/\/lefrancparler.com\/wp-content\/uploads\/2021\/07\/Groupe-detude.jpg 640w\" sizes=\"(max-width: 1024px) 100vw, (max-width: 640px) 100vw, 600px\" \/><\/span><\/div><\/div><\/div><\/div><\/div><div class=\"fusion-fullwidth fullwidth-box fusion-builder-row-2 fusion-flex-container nonhundred-percent-fullwidth non-hundred-percent-height-scrolling\" style=\"--awb-border-radius-top-left:0px;--awb-border-radius-top-right:0px;--awb-border-radius-bottom-right:0px;--awb-border-radius-bottom-left:0px;--awb-padding-top:20px;--awb-padding-bottom:20px;--awb-margin-top:20px;--awb-flex-wrap:wrap;\" ><div class=\"fusion-builder-row fusion-row fusion-flex-align-items-center fusion-flex-content-wrap\" style=\"max-width:calc( 1100px + 50px );margin-left: calc(-50px \/ 2 );margin-right: calc(-50px \/ 2 );\"><div class=\"fusion-layout-column fusion_builder_column fusion-builder-column-2 fusion_builder_column_1_2 1_2 fusion-flex-column\" style=\"--awb-bg-size:cover;--awb-width-large:50%;--awb-margin-top-large:0px;--awb-spacing-right-large:25px;--awb-margin-bottom-large:10px;--awb-spacing-left-large:25px;--awb-width-medium:100%;--awb-order-medium:0;--awb-spacing-right-medium:25px;--awb-spacing-left-medium:25px;--awb-width-small:100%;--awb-order-small:0;--awb-spacing-right-small:25px;--awb-spacing-left-small:25px;\"><div class=\"fusion-column-wrapper fusion-column-has-shadow fusion-flex-justify-content-flex-start fusion-content-layout-column\"><div class=\"fusion-text fusion-text-2\"><h2>Des petits groupes pour un apprentissage r\u00e9ussi lors de votre cours de fran\u00e7ais \u00e0 Bordeaux !<\/h2>\n<\/div><div class=\"fusion-text fusion-text-3\"><p>Afin d&#8217;optimiser l&#8217;apprentissage de la langue fran\u00e7aise, les groupes de notre cours de langue \u00e0 Bordeaux sont compos\u00e9s de 2 \u00e0 6 \u00e9tudiants maximum. Les<\/p>\n<p>Les petits groupes assurent un climat de confiance qui encourage les \u00e9tudiants des cours de fran\u00e7ais \u00e0 Bordeaux, quel que soit leur niveau, \u00e0 travailler et \u00e0 d\u00e9velopper leur expression et leur compr\u00e9hension orales.<\/p>\n<p>L&#8217;\u00e9cole Franc Parler propose une m\u00e9thode d&#8217;enseignement adapt\u00e9e aux besoins des \u00e9tudiants afin de garantir des progr\u00e8s significatifs pendant le cours intensif de fran\u00e7ais en France.<\/p>\n<\/div><\/div><\/div><div class=\"fusion-layout-column fusion_builder_column fusion-builder-column-3 fusion_builder_column_1_2 1_2 fusion-flex-column fusion-flex-align-self-center\" style=\"--awb-padding-right:20px;--awb-padding-left:20px;--awb-bg-image:linear-gradient(180deg, #ffffff 0%,#eaeaea 100%);--awb-bg-size:cover;--awb-box-shadow: 0px 0px #000000;;--awb-border-color:#d2d3d4;--awb-border-top:2px;--awb-border-right:2px;--awb-border-bottom:2px;--awb-border-left:2px;--awb-border-style:solid;--awb-width-large:50%;--awb-margin-top-large:0px;--awb-spacing-right-large:25px;--awb-margin-bottom-large:10px;--awb-spacing-left-large:25px;--awb-width-medium:100%;--awb-order-medium:0;--awb-spacing-right-medium:25px;--awb-spacing-left-medium:25px;--awb-width-small:100%;--awb-order-small:0;--awb-spacing-right-small:25px;--awb-spacing-left-small:25px;\"><div class=\"fusion-column-wrapper fusion-column-has-shadow fusion-flex-justify-content-flex-start fusion-content-layout-column\"><div class=\"fusion-text fusion-text-4\"><h3 style=\"text-align: center; color: #a1130e;\">Cours de fran\u00e7ais \u00e0 Bordeaux : apprendre \u00e0 tous les niveaux<\/h3>\n<\/div><div class=\"fusion-text fusion-text-5 fusion-text-no-margin\" style=\"--awb-margin-top:-15px;--awb-margin-bottom:15px;\"><ul>\n<li style=\"text-align: left;\">D\u00e9butants<\/li>\n<li style=\"text-align: left;\">\u00c9l\u00e9mentaire (fin de A1-A2)<\/li>\n<li style=\"text-align: left;\">Interm\u00e9diaire (fin de A2-B1)<\/li>\n<li style=\"text-align: left;\">B2<\/li>\n<li style=\"text-align: left;\">C1<\/li>\n<li style=\"text-align: left;\">C2<\/li>\n<\/ul>\n<\/div><\/div><\/div><\/div><\/div><div class=\"fusion-fullwidth fullwidth-box fusion-builder-row-3 fusion-flex-container nonhundred-percent-fullwidth non-hundred-percent-height-scrolling\" style=\"--awb-border-radius-top-left:0px;--awb-border-radius-top-right:0px;--awb-border-radius-bottom-right:0px;--awb-border-radius-bottom-left:0px;--awb-padding-top:30px;--awb-padding-bottom:20px;--awb-margin-top:20px;--awb-background-color:#f2f2f2;--awb-flex-wrap:wrap;\" ><div class=\"fusion-builder-row fusion-row fusion-flex-align-items-flex-start fusion-flex-content-wrap\" style=\"max-width:calc( 1100px + 50px );margin-left: calc(-50px \/ 2 );margin-right: calc(-50px \/ 2 );\"><div class=\"fusion-layout-column fusion_builder_column fusion-builder-column-4 fusion_builder_column_1_1 1_1 fusion-flex-column\" style=\"--awb-bg-size:cover;--awb-width-large:100%;--awb-margin-top-large:0px;--awb-spacing-right-large:25px;--awb-margin-bottom-large:-10px;--awb-spacing-left-large:25px;--awb-width-medium:100%;--awb-order-medium:0;--awb-spacing-right-medium:25px;--awb-spacing-left-medium:25px;--awb-width-small:100%;--awb-order-small:0;--awb-spacing-right-small:25px;--awb-spacing-left-small:25px;\"><div class=\"fusion-column-wrapper fusion-column-has-shadow fusion-flex-justify-content-flex-start fusion-content-layout-column\"><div class=\"fusion-text fusion-text-6\"><h2>Cours de fran\u00e7ais adapt\u00e9 \u00e0 Bordeaux : les types de cours<\/h2>\n<\/div><\/div><\/div><div class=\"fusion-layout-column fusion_builder_column fusion-builder-column-5 fusion_builder_column_1_2 1_2 fusion-flex-column\" style=\"--awb-padding-right:30px;--awb-bg-size:cover;--awb-width-large:50%;--awb-margin-top-large:0px;--awb-spacing-right-large:25px;--awb-margin-bottom-large:10px;--awb-spacing-left-large:25px;--awb-width-medium:100%;--awb-order-medium:0;--awb-spacing-right-medium:25px;--awb-spacing-left-medium:25px;--awb-width-small:100%;--awb-order-small:0;--awb-spacing-right-small:25px;--awb-spacing-left-small:25px;\"><div class=\"fusion-column-wrapper fusion-column-has-shadow fusion-flex-justify-content-flex-start fusion-content-layout-column\"><div class=\"fusion-text fusion-text-7\"><h3 style=\"color: #a1130e;\"><strong>Cours de fran\u00e7ais intensif en France, \u00e0 Bordeaux :<\/strong><\/h3>\n<p>Cours de langue tr\u00e8s structur\u00e9 \u00e0 Bordeaux avec une vari\u00e9t\u00e9 d&#8217;exercices dans les diff\u00e9rentes comp\u00e9tences.<br \/>\nL&#8217;\u00e9cole Franc Parler propose \u00e0 ses \u00e9tudiants des cours intensifs de fran\u00e7ais \u00e0 tous les niveaux, leur permettant de d\u00e9velopper les 4 comp\u00e9tences linguistiques de base : l&#8217;expression et la compr\u00e9hension \u00e9crites et orales.<\/p>\n<\/div><\/div><\/div><div class=\"fusion-layout-column fusion_builder_column fusion-builder-column-6 fusion_builder_column_1_2 1_2 fusion-flex-column\" style=\"--awb-padding-right:20px;--awb-padding-left:20px;--awb-bg-size:cover;--awb-width-large:50%;--awb-margin-top-large:0px;--awb-spacing-right-large:25px;--awb-margin-bottom-large:10px;--awb-spacing-left-large:25px;--awb-width-medium:100%;--awb-order-medium:0;--awb-spacing-right-medium:25px;--awb-spacing-left-medium:25px;--awb-width-small:100%;--awb-order-small:0;--awb-spacing-right-small:25px;--awb-spacing-left-small:25px;\"><div class=\"fusion-column-wrapper fusion-column-has-shadow fusion-flex-justify-content-flex-start fusion-content-layout-column\"><div class=\"fusion-text fusion-text-8\"><h3 style=\"color: #a1130e;\"><strong>Details &#8211; Votre cours de fran\u00e7ais \u00e0 Bordeaux :<\/strong><\/h3>\n<ul>\n<li>Pratiquer le langage courant pour comprendre les \u00e9missions de radio et de t\u00e9l\u00e9vision et les Fran\u00e7ais que vous rencontrez.<\/li>\n<li>Se former \u00e0 la langue de tous les jours pour pouvoir parler avec les gens qui vous entourent en France<\/li>\n<li>Apprenez \u00e0 corriger votre prononciation<\/li>\n<li>Obtenez des r\u00e9ponses aux questions de grammaire<\/li>\n<li>Pratiquez syst\u00e9matiquement la conjugaison pour enrichir votre vocabulaire<\/li>\n<\/ul>\n<p>Pascale Genet-Martorello s&#8217;adapte \u00e0 vos besoins et \u00e0 votre niveau de connaissances ! Elle a \u00e9galement d\u00e9velopp\u00e9 une m\u00e9thode unique pour apprendre rapidement \u00e0 conjuguer les verbes fran\u00e7ais irr\u00e9guliers. Vous obtiendrez des r\u00e9sultats remarquables en participant \u00e0 un cours de fran\u00e7ais \u00e0 Bordeaux.<\/p>\n<\/div><\/div><\/div><div class=\"fusion-layout-column fusion_builder_column fusion-builder-column-7 fusion_builder_column_1_1 1_1 fusion-flex-column\" style=\"--awb-bg-size:cover;--awb-width-large:100%;--awb-margin-top-large:0px;--awb-spacing-right-large:25px;--awb-margin-bottom-large:10px;--awb-spacing-left-large:25px;--awb-width-medium:100%;--awb-order-medium:0;--awb-spacing-right-medium:25px;--awb-spacing-left-medium:25px;--awb-width-small:100%;--awb-order-small:0;--awb-spacing-right-small:25px;--awb-spacing-left-small:25px;\"><div class=\"fusion-column-wrapper fusion-column-has-shadow fusion-flex-justify-content-flex-start fusion-content-layout-column\"><div class=\"fusion-text fusion-text-9\"><h3 style=\"color: #a1130e;\"><strong>Tests de niveau<\/strong><\/h3>\n<p>Si vous le souhaitez, l&#8217;\u00e9cole Franc Parler vous offre la possibilit\u00e9 de tester votre niveau de fran\u00e7ais oral lors d&#8217;un entretien gratuit par Teams ou Zoom. Cela vous permet de savoir si vous parlez bien le fran\u00e7ais apr\u00e8s votre cours de fran\u00e7ais \u00e0 Bordeaux.<\/p>\n<\/div><\/div><\/div><div class=\"fusion-layout-column fusion_builder_column fusion-builder-column-8 fusion_builder_column_1_2 1_2 fusion-flex-column fusion-flex-align-self-center\" style=\"--awb-bg-size:cover;--awb-width-large:50%;--awb-margin-top-large:0px;--awb-spacing-right-large:25px;--awb-margin-bottom-large:10px;--awb-spacing-left-large:25px;--awb-width-medium:100%;--awb-order-medium:0;--awb-spacing-right-medium:25px;--awb-spacing-left-medium:25px;--awb-width-small:100%;--awb-order-small:0;--awb-spacing-right-small:25px;--awb-spacing-left-small:25px;\"><div class=\"fusion-column-wrapper fusion-column-has-shadow fusion-flex-justify-content-flex-start fusion-content-layout-column\"><div class=\"fusion-text fusion-text-10\"><h2 style=\"color: #a1130e;\"><strong>Cours de fran\u00e7ais \u00e0 Bordeaux : cours particuliers<\/strong><\/h2>\n<h2 style=\"color: #a1130e;\"><strong>Qui devrait opter pour un cours de fran\u00e7ais priv\u00e9 \u00e0 Bordeaux ?<\/strong><\/h2>\n<p>Ce type de cours de langue \u00e0 Bordeaux est particuli\u00e8rement adapt\u00e9 \u00e0 ceux qui souhaitent suivre un cours de fran\u00e7ais intensif en France sous forme de le\u00e7ons particuli\u00e8res et\/ou qui souhaitent suivre des cours du matin en petits groupes avec des le\u00e7ons particuli\u00e8res de fran\u00e7ais.<\/p>\n<h2 style=\"color: #a1130e;\"><strong>Pourquoi devrais-je choisir un cours de langue priv\u00e9 \u00e0 Bordeaux ?<\/strong><\/h2>\n<p>Afin d&#8217;optimiser l&#8217;acquisition de la langue fran\u00e7aise et de progresser, les cours particuliers sont adapt\u00e9s au rythme et au niveau des participants. De plus, ils permettent de r\u00e9pondre de mani\u00e8re personnalis\u00e9e aux questions et aux attentes de chaque participant au cours de fran\u00e7ais \u00e0 Bordeaux.<\/p>\n<h3 style=\"color: #a1130e;\">D\u00e9tails du programme de cours de fran\u00e7ais \u00e0 Bordeaux<\/h3>\n<p>En dehors des cours du matin, vous pouvez opter pour des cours suppl\u00e9mentaires l&#8217;apr\u00e8s-midi. Ceux-ci peuvent \u00eatre adapt\u00e9s \u00e0 votre niveau de fran\u00e7ais et \u00e0 vos besoins. Le nombre d&#8217;heures &#8211; entre 1 et 20 heures par semaine &#8211; est d\u00e9termin\u00e9 sur demande. Cela nous permet d&#8217;adapter parfaitement votre cours de langue \u00e0 Bordeaux \u00e0 vos souhaits personnels. <\/p>\n<\/div><\/div><\/div><div class=\"fusion-layout-column fusion_builder_column fusion-builder-column-9 fusion_builder_column_1_2 1_2 fusion-flex-column fusion-flex-align-self-center\" style=\"--awb-bg-color:#f2f2f2;--awb-bg-color-hover:#f2f2f2;--awb-bg-size:cover;--awb-box-shadow: 0px 0px #000000;;--awb-border-color:#d2d3d4;--awb-border-style:solid;--awb-width-large:50%;--awb-margin-top-large:0px;--awb-spacing-right-large:25px;--awb-margin-bottom-large:10px;--awb-spacing-left-large:25px;--awb-width-medium:100%;--awb-order-medium:0;--awb-spacing-right-medium:25px;--awb-spacing-left-medium:25px;--awb-width-small:100%;--awb-order-small:0;--awb-spacing-right-small:25px;--awb-spacing-left-small:25px;\"><div class=\"fusion-column-wrapper fusion-column-has-shadow fusion-flex-justify-content-center fusion-content-layout-column\"><div class=\"fusion-image-element \" style=\"text-align:center;--awb-caption-title-font-family:var(--h2_typography-font-family);--awb-caption-title-font-weight:var(--h2_typography-font-weight);--awb-caption-title-font-style:var(--h2_typography-font-style);--awb-caption-title-size:var(--h2_typography-font-size);--awb-caption-title-transform:var(--h2_typography-text-transform);--awb-caption-title-line-height:var(--h2_typography-line-height);--awb-caption-title-letter-spacing:var(--h2_typography-letter-spacing);\"><span class=\" fusion-imageframe imageframe-dropshadow imageframe-2 hover-type-zoomin\" style=\"border:2px solid #d2d3d4;-webkit-box-shadow: 3px 3px 7px rgba(0,0,0,0.3);box-shadow: 3px 3px 7px rgba(0,0,0,0.3);\"><img decoding=\"async\" width=\"480\" height=\"400\" alt=\"Language course in Bordeaux: private lesson\" title=\"PrivateLesson\" src=\"https:\/\/lefrancparler.com\/wp-content\/uploads\/2021\/07\/PrivateLesson.jpg\" class=\"img-responsive wp-image-2251\" srcset=\"https:\/\/lefrancparler.com\/wp-content\/uploads\/2021\/07\/PrivateLesson-200x167.jpg 200w, https:\/\/lefrancparler.com\/wp-content\/uploads\/2021\/07\/PrivateLesson-400x333.jpg 400w, https:\/\/lefrancparler.com\/wp-content\/uploads\/2021\/07\/PrivateLesson.jpg 480w\" sizes=\"(max-width: 1024px) 100vw, (max-width: 640px) 100vw, 480px\" \/><\/span><\/div><\/div><\/div><div class=\"fusion-layout-column fusion_builder_column fusion-builder-column-10 fusion_builder_column_1_2 1_2 fusion-flex-column\" style=\"--awb-bg-size:cover;--awb-width-large:50%;--awb-margin-top-large:0px;--awb-spacing-right-large:25px;--awb-margin-bottom-large:10px;--awb-spacing-left-large:25px;--awb-width-medium:100%;--awb-order-medium:0;--awb-spacing-right-medium:25px;--awb-spacing-left-medium:25px;--awb-width-small:100%;--awb-order-small:0;--awb-spacing-right-small:25px;--awb-spacing-left-small:25px;\"><div class=\"fusion-column-wrapper fusion-column-has-shadow fusion-flex-justify-content-flex-start fusion-content-layout-column\"><div class=\"fusion-text fusion-text-11\"><h2 style=\"color: #a1130e;\"><strong>Notre cours de langue \u00e0 Bordeaux vous permet de vous pr\u00e9parer aux examens DELF et DALF.<\/strong><\/h2>\n<p>Les \u00e9tudiants souhaitant se pr\u00e9parer aux examens DELF et DALF peuvent suivre un programme complet de pr\u00e9paration intensive aux niveaux DELF A1 et A2, B1 et B2 et DALF C1 et C2 dans notre cours de fran\u00e7ais en France.<\/p>\n<\/div><\/div><\/div><div class=\"fusion-layout-column fusion_builder_column fusion-builder-column-11 fusion_builder_column_1_2 1_2 fusion-flex-column fusion-flex-align-self-flex-end\" style=\"--awb-bg-size:cover;--awb-width-large:50%;--awb-margin-top-large:0px;--awb-spacing-right-large:25px;--awb-margin-bottom-large:10px;--awb-spacing-left-large:25px;--awb-width-medium:100%;--awb-order-medium:0;--awb-spacing-right-medium:25px;--awb-spacing-left-medium:25px;--awb-width-small:100%;--awb-order-small:0;--awb-spacing-right-small:25px;--awb-spacing-left-small:25px;\"><div class=\"fusion-column-wrapper fusion-column-has-shadow fusion-flex-justify-content-flex-start fusion-content-layout-column\"><div class=\"fusion-text fusion-text-12\"><p>Le DELF et le DALF sont des dipl\u00f4mes nationaux d\u00e9livr\u00e9s par le minist\u00e8re fran\u00e7ais de l&#8217;\u00e9ducation nationale pour certifier officiellement la connaissance, la ma\u00eetrise et le niveau de comp\u00e9tence de la langue fran\u00e7aise pour les \u00e9tudiants \u00e9trangers.<\/p>\n<\/div><\/div><\/div><div class=\"fusion-layout-column fusion_builder_column fusion-builder-column-12 fusion_builder_column_1_2 1_2 fusion-flex-column\" style=\"--awb-bg-size:cover;--awb-width-large:50%;--awb-margin-top-large:0px;--awb-spacing-right-large:25px;--awb-margin-bottom-large:10px;--awb-spacing-left-large:25px;--awb-width-medium:100%;--awb-order-medium:0;--awb-spacing-right-medium:25px;--awb-spacing-left-medium:25px;--awb-width-small:100%;--awb-order-small:0;--awb-spacing-right-small:25px;--awb-spacing-left-small:25px;\"><div class=\"fusion-column-wrapper fusion-column-has-shadow fusion-flex-justify-content-flex-start fusion-content-layout-column\"><div class=\"fusion-text fusion-text-13\"><h2 style=\"color: #a1130e;\"><strong>TEAMS OU ZOOM<\/strong><\/h2>\n<p>Vous souhaitez vous inscrire \u00e0 un cours de fran\u00e7ais intensif en France dans notre \u00e9cole mais vous ne pouvez pas vous d\u00e9placer ?<br \/>\nConsultez nos offres de vid\u00e9oconf\u00e9rence : La premi\u00e8re session est gratuite !<br \/>\nTout aussi efficace qu&#8217;un cours de langue en face \u00e0 face \u00e0 Bordeaux, ce type de cours nous permet de nous adapter aux disponibilit\u00e9s.<\/p>\n<\/div><\/div><\/div><div class=\"fusion-layout-column fusion_builder_column fusion-builder-column-13 fusion_builder_column_1_2 1_2 fusion-flex-column\" style=\"--awb-bg-size:cover;--awb-width-large:50%;--awb-margin-top-large:0px;--awb-spacing-right-large:25px;--awb-margin-bottom-large:10px;--awb-spacing-left-large:25px;--awb-width-medium:100%;--awb-order-medium:0;--awb-spacing-right-medium:25px;--awb-spacing-left-medium:25px;--awb-width-small:100%;--awb-order-small:0;--awb-spacing-right-small:25px;--awb-spacing-left-small:25px;\"><div class=\"fusion-column-wrapper fusion-column-has-shadow fusion-flex-justify-content-flex-start fusion-content-layout-column\"><div class=\"fusion-text fusion-text-14\"><h4><span style=\"color: #a1130e;\">Suivi par Teams ou Zoom<\/span><\/h4>\n<p>En raison d&#8217;une demande croissante, Pascale Martorello propose un suivi de votre cours \u00e0 l&#8217;\u00e9cole Franc Parler sous forme de le\u00e7ons individuelles de 60 minutes via Teams ou Zoom. Le contenu et la fr\u00e9quence sont d\u00e9finis individuellement avec chaque \u00e9tudiant.<\/p>\n<\/div><\/div><\/div><\/div><\/div><div class=\"fusion-fullwidth fullwidth-box fusion-builder-row-4 fusion-flex-container nonhundred-percent-fullwidth non-hundred-percent-height-scrolling\" style=\"--awb-border-radius-top-left:0px;--awb-border-radius-top-right:0px;--awb-border-radius-bottom-right:0px;--awb-border-radius-bottom-left:0px;--awb-padding-top:20px;--awb-padding-bottom:20px;--awb-margin-top:20px;--awb-flex-wrap:wrap;\" ><div class=\"fusion-builder-row fusion-row fusion-flex-align-items-center fusion-flex-content-wrap\" style=\"max-width:calc( 1100px + 50px );margin-left: calc(-50px \/ 2 );margin-right: calc(-50px \/ 2 );\"><div class=\"fusion-layout-column fusion_builder_column fusion-builder-column-14 fusion_builder_column_1_2 1_2 fusion-flex-column\" style=\"--awb-bg-size:cover;--awb-width-large:50%;--awb-margin-top-large:0px;--awb-spacing-right-large:25px;--awb-margin-bottom-large:10px;--awb-spacing-left-large:25px;--awb-width-medium:100%;--awb-order-medium:0;--awb-spacing-right-medium:25px;--awb-spacing-left-medium:25px;--awb-width-small:100%;--awb-order-small:0;--awb-spacing-right-small:25px;--awb-spacing-left-small:25px;\"><div class=\"fusion-column-wrapper fusion-column-has-shadow fusion-flex-justify-content-flex-start fusion-content-layout-column\"><div class=\"fusion-text fusion-text-15\"><h2><span style=\"color: #a1130e;\">LES NIVEAUX<\/span><\/h2>\n<\/div><div class=\"fusion-text fusion-text-16\"><p>Selon les diff\u00e9rents niveaux du Cadre europ\u00e9en commun de r\u00e9f\u00e9rence pour les langues (CECR), l&#8217;\u00e9cole Franc Parler vous propose des cours de langue \u00e0 Bordeaux dans six niveaux diff\u00e9rents :<\/p>\n<ul>\n<li>D\u00e9butants<\/li>\n<li>Niveau de base (A1+ \u00e0 A2)<\/li>\n<li>interm\u00e9diaire (fin A2-B1)<\/li>\n<li>B2<\/li>\n<li>C1<\/li>\n<li>C2<\/li>\n<\/ul>\n<\/div><\/div><\/div><div class=\"fusion-layout-column fusion_builder_column fusion-builder-column-15 fusion_builder_column_1_2 1_2 fusion-flex-column fusion-flex-align-self-center\" style=\"--awb-bg-size:cover;--awb-box-shadow: 0px 0px #000000;;--awb-border-color:#d2d3d4;--awb-border-style:solid;--awb-width-large:50%;--awb-margin-top-large:0px;--awb-spacing-right-large:25px;--awb-margin-bottom-large:10px;--awb-spacing-left-large:25px;--awb-width-medium:100%;--awb-order-medium:0;--awb-spacing-right-medium:25px;--awb-spacing-left-medium:25px;--awb-width-small:100%;--awb-order-small:0;--awb-spacing-right-small:25px;--awb-spacing-left-small:25px;\"><div class=\"fusion-column-wrapper fusion-column-has-shadow fusion-flex-justify-content-center fusion-content-layout-column\"><div class=\"fusion-image-element \" style=\"text-align:center;--awb-caption-title-font-family:var(--h2_typography-font-family);--awb-caption-title-font-weight:var(--h2_typography-font-weight);--awb-caption-title-font-style:var(--h2_typography-font-style);--awb-caption-title-size:var(--h2_typography-font-size);--awb-caption-title-transform:var(--h2_typography-text-transform);--awb-caption-title-line-height:var(--h2_typography-line-height);--awb-caption-title-letter-spacing:var(--h2_typography-letter-spacing);\"><span class=\" fusion-imageframe imageframe-dropshadow imageframe-3 hover-type-zoomin\" style=\"border:2px solid #d2d3d4;-webkit-box-shadow: 3px 3px 7px rgba(0,0,0,0.3);box-shadow: 3px 3px 7px rgba(0,0,0,0.3);\"><img decoding=\"async\" width=\"640\" height=\"480\" alt=\"Small learning group during their language course in Bordeaux\" title=\"Lefrancparler-cours\" src=\"https:\/\/lefrancparler.com\/wp-content\/uploads\/2021\/07\/Lefrancparler-cours.jpg\" class=\"img-responsive wp-image-1500\" srcset=\"https:\/\/lefrancparler.com\/wp-content\/uploads\/2021\/07\/Lefrancparler-cours-200x150.jpg 200w, https:\/\/lefrancparler.com\/wp-content\/uploads\/2021\/07\/Lefrancparler-cours-400x300.jpg 400w, https:\/\/lefrancparler.com\/wp-content\/uploads\/2021\/07\/Lefrancparler-cours-600x450.jpg 600w, https:\/\/lefrancparler.com\/wp-content\/uploads\/2021\/07\/Lefrancparler-cours.jpg 640w\" sizes=\"(max-width: 1024px) 100vw, (max-width: 640px) 100vw, 600px\" \/><\/span><\/div><\/div><\/div><\/div><\/div><div class=\"fusion-fullwidth fullwidth-box fusion-builder-row-5 fusion-flex-container nonhundred-percent-fullwidth non-hundred-percent-height-scrolling\" style=\"--awb-border-radius-top-left:0px;--awb-border-radius-top-right:0px;--awb-border-radius-bottom-right:0px;--awb-border-radius-bottom-left:0px;--awb-padding-top:50px;--awb-padding-bottom:50px;--awb-margin-top:20px;--awb-background-color:#f2f2f2;--awb-flex-wrap:wrap;\" ><div class=\"fusion-builder-row fusion-row fusion-flex-align-items-center fusion-flex-content-wrap\" style=\"max-width:calc( 1100px + 50px );margin-left: calc(-50px \/ 2 );margin-right: calc(-50px \/ 2 );\"><div class=\"fusion-layout-column fusion_builder_column fusion-builder-column-16 fusion_builder_column_1_2 1_2 fusion-flex-column fusion-flex-align-self-center fusion-column-inner-bg-wrapper\" style=\"--awb-inner-bg-color:#f2f2f2;--awb-inner-bg-color-hover:#f2f2f2;--awb-inner-bg-size:cover;--awb-box-shadow: 0px 0px #000000;;--awb-border-color:#d2d3d4;--awb-border-style:solid;--awb-width-large:50%;--awb-margin-top-large:0px;--awb-spacing-right-large:25px;--awb-margin-bottom-large:10px;--awb-spacing-left-large:25px;--awb-width-medium:100%;--awb-order-medium:0;--awb-spacing-right-medium:25px;--awb-spacing-left-medium:25px;--awb-width-small:100%;--awb-order-small:0;--awb-spacing-right-small:25px;--awb-spacing-left-small:25px;\"><span class=\"fusion-column-inner-bg hover-type-none\"><a class=\"fusion-column-anchor\" href=\"\/prices\/\"><span class=\"fusion-column-inner-bg-image\"><\/span><\/a><\/span><div class=\"fusion-column-wrapper fusion-column-has-shadow fusion-flex-justify-content-center fusion-content-layout-column\"><div class=\"fusion-image-element \" style=\"text-align:center;--awb-caption-title-font-family:var(--h2_typography-font-family);--awb-caption-title-font-weight:var(--h2_typography-font-weight);--awb-caption-title-font-style:var(--h2_typography-font-style);--awb-caption-title-size:var(--h2_typography-font-size);--awb-caption-title-transform:var(--h2_typography-text-transform);--awb-caption-title-line-height:var(--h2_typography-line-height);--awb-caption-title-letter-spacing:var(--h2_typography-letter-spacing);\"><span class=\" fusion-imageframe imageframe-dropshadow imageframe-4 hover-type-zoomin\" style=\"border:2px solid #d2d3d4;-webkit-box-shadow: 3px 3px 7px rgba(0,0,0,0.3);box-shadow: 3px 3px 7px rgba(0,0,0,0.3);\"><img decoding=\"async\" width=\"535\" height=\"302\" alt=\"Price for a language course in Bordeaux\" title=\"content-prices\" src=\"https:\/\/lefrancparler.com\/wp-content\/uploads\/2021\/07\/content-prices.jpg\" class=\"img-responsive wp-image-2387\" srcset=\"https:\/\/lefrancparler.com\/wp-content\/uploads\/2021\/07\/content-prices-200x113.jpg 200w, https:\/\/lefrancparler.com\/wp-content\/uploads\/2021\/07\/content-prices-400x226.jpg 400w, https:\/\/lefrancparler.com\/wp-content\/uploads\/2021\/07\/content-prices.jpg 535w\" sizes=\"(max-width: 1024px) 100vw, (max-width: 640px) 100vw, 535px\" \/><\/span><\/div><\/div><\/div><div class=\"fusion-layout-column fusion_builder_column fusion-builder-column-17 fusion_builder_column_1_2 1_2 fusion-flex-column\" style=\"--awb-bg-size:cover;--awb-width-large:50%;--awb-margin-top-large:0px;--awb-spacing-right-large:25px;--awb-margin-bottom-large:10px;--awb-spacing-left-large:25px;--awb-width-medium:100%;--awb-order-medium:0;--awb-spacing-right-medium:25px;--awb-spacing-left-medium:25px;--awb-width-small:100%;--awb-order-small:0;--awb-spacing-right-small:25px;--awb-spacing-left-small:25px;\"><div class=\"fusion-column-wrapper fusion-column-has-shadow fusion-flex-justify-content-flex-start fusion-content-layout-column\"><div class=\"fusion-text fusion-text-17\" style=\"--awb-text-transform:none;\"><h2><span style=\"color: #a1130e;\"><a href=\"https:\/\/lefrancparler.com\/fr\/tarifs\/\">TARIFS<\/a><br \/>\n<\/span><\/h2>\n<h4>Les cours:<\/h4>\n<p>Le prix couvre tout sauf le d\u00e9jeuner (environ 15 \u20ac &#8211; 18 \u20ac pour le menu du jour).<br \/>\nLes cours de langue \u00e0 Bordeaux se d\u00e9roulent en petits groupes (minimum 2 participants) et co\u00fbtent \u20ac 760 (20 le\u00e7ons par semaine).<br \/>\nCours priv\u00e9s intensifs (20 le\u00e7ons par semaine) : \u20ac 1,316<br \/>\nCours particuliers d&#8217;une heure (60 min) : \u20ac 86,50 \/heure<br \/>\nIl n&#8217;y a pas de frais d&#8217;inscription pour nos cours de langue \u00e0 Bordeaux !<\/p>\n<\/div><\/div><\/div><\/div><\/div><div class=\"fusion-fullwidth fullwidth-box fusion-builder-row-6 fusion-flex-container has-pattern-background has-mask-background nonhundred-percent-fullwidth non-hundred-percent-height-scrolling\" style=\"--awb-border-radius-top-left:0px;--awb-border-radius-top-right:0px;--awb-border-radius-bottom-right:0px;--awb-border-radius-bottom-left:0px;--awb-padding-top:30px;--awb-margin-top:30px;--awb-margin-bottom:10px;--awb-background-color:var(--awb-color8);--awb-flex-wrap:wrap;\" ><div class=\"fusion-builder-row fusion-row fusion-flex-align-items-center fusion-flex-content-wrap\" style=\"max-width:1144px;margin-left: calc(-4% \/ 2 );margin-right: calc(-4% \/ 2 );\"><div class=\"fusion-layout-column fusion_builder_column fusion-builder-column-18 fusion_builder_column_2_3 2_3 fusion-flex-column\" style=\"--awb-bg-size:cover;--awb-width-large:66.666666666667%;--awb-margin-top-large:0px;--awb-spacing-right-large:2.88%;--awb-margin-bottom-large:10px;--awb-spacing-left-large:2.88%;--awb-width-medium:100%;--awb-order-medium:0;--awb-spacing-right-medium:1.92%;--awb-spacing-left-medium:1.92%;--awb-width-small:100%;--awb-order-small:0;--awb-spacing-right-small:1.92%;--awb-spacing-left-small:1.92%;\"><div class=\"fusion-column-wrapper fusion-column-has-shadow fusion-flex-justify-content-flex-start fusion-content-layout-column\"><div class=\"fusion-text fusion-text-18 fusion-text-no-margin\" style=\"--awb-margin-top:0px;--awb-margin-right:0px;--awb-margin-bottom:0px;--awb-margin-left:0px;\"><h2 style=\"color: #ffffff;\">Embrace the French Language with passion, enthusiasm &amp; cultural exploration<\/h2>\n<\/div><\/div><\/div><div class=\"fusion-layout-column fusion_builder_column fusion-builder-column-19 fusion_builder_column_1_3 1_3 fusion-flex-column\" style=\"--awb-bg-size:cover;--awb-width-large:33.333333333333%;--awb-margin-top-large:0px;--awb-spacing-right-large:5.76%;--awb-margin-bottom-large:10px;--awb-spacing-left-large:5.76%;--awb-width-medium:100%;--awb-order-medium:0;--awb-spacing-right-medium:1.92%;--awb-spacing-left-medium:1.92%;--awb-width-small:100%;--awb-order-small:0;--awb-spacing-right-small:1.92%;--awb-spacing-left-small:1.92%;\"><div class=\"fusion-column-wrapper fusion-column-has-shadow fusion-flex-justify-content-flex-start fusion-content-layout-column\"><div ><a class=\"fusion-button button-3d button-xlarge button-custom fusion-button-default button-1 fusion-button-default-span fusion-button-default-type\" style=\"--awb-margin-bottom:30px;--button_accent_color:#ffffff;--button_accent_hover_color:#ffffff;--button_border_hover_color:#ffffff;--button_gradient_top_color:#c71111;--button_gradient_bottom_color:#c71111;--button_gradient_top_color_hover:#b20e0e;--button_gradient_bottom_color_hover:#b20e0e;\" target=\"_self\" href=\"https:\/\/lefrancparler.com\/contact\/\"><i class=\"fa-paper-plane fas awb-button__icon awb-button__icon--default button-icon-left\" aria-hidden=\"true\"><\/i><span class=\"fusion-button-text awb-button__text awb-button__text--default\">Contact<\/span><\/a><\/div><\/div><\/div><\/div><\/div>\n<\/p>\n","protected":false},"excerpt":{"rendered":"","protected":false},"author":1,"featured_media":0,"parent":0,"menu_order":0,"comment_status":"closed","ping_status":"closed","template":"100-width.php","meta":{"footnotes":""},"class_list":["post-2649","page","type-page","status-publish","hentry"],"_links":{"self":[{"href":"https:\/\/lefrancparler.com\/fr\/wp-json\/wp\/v2\/pages\/2649","targetHints":{"allow":["GET"]}}],"collection":[{"href":"https:\/\/lefrancparler.com\/fr\/wp-json\/wp\/v2\/pages"}],"about":[{"href":"https:\/\/lefrancparler.com\/fr\/wp-json\/wp\/v2\/types\/page"}],"author":[{"embeddable":true,"href":"https:\/\/lefrancparler.com\/fr\/wp-json\/wp\/v2\/users\/1"}],"replies":[{"embeddable":true,"href":"https:\/\/lefrancparler.com\/fr\/wp-json\/wp\/v2\/comments?post=2649"}],"version-history":[{"count":36,"href":"https:\/\/lefrancparler.com\/fr\/wp-json\/wp\/v2\/pages\/2649\/revisions"}],"predecessor-version":[{"id":7466,"href":"https:\/\/lefrancparler.com\/fr\/wp-json\/wp\/v2\/pages\/2649\/revisions\/7466"}],"wp:attachment":[{"href":"https:\/\/lefrancparler.com\/fr\/wp-json\/wp\/v2\/media?parent=2649"}],"curies":[{"name":"wp","href":"https:\/\/api.w.org\/{rel}","templated":true}]}}