{"id":2673,"date":"2021-07-27T12:20:35","date_gmt":"2021-07-27T10:20:35","guid":{"rendered":"https:\/\/lefrancparler.com\/votre-sejour\/"},"modified":"2025-11-18T11:48:30","modified_gmt":"2025-11-18T10:48:30","slug":"votre-sejour","status":"publish","type":"page","link":"https:\/\/lefrancparler.com\/fr\/votre-sejour\/","title":{"rendered":"Votre s\u00e9jour"},"content":{"rendered":"<p><div class=\"fusion-fullwidth fullwidth-box fusion-builder-row-1 fusion-flex-container nonhundred-percent-fullwidth non-hundred-percent-height-scrolling\" style=\"--awb-border-radius-top-left:0px;--awb-border-radius-top-right:0px;--awb-border-radius-bottom-right:0px;--awb-border-radius-bottom-left:0px;--awb-flex-wrap:wrap;\" ><div class=\"fusion-builder-row fusion-row fusion-flex-align-items-flex-start fusion-flex-content-wrap\" style=\"max-width:calc( 1100px + 50px );margin-left: calc(-50px \/ 2 );margin-right: calc(-50px \/ 2 );\"><div class=\"fusion-layout-column fusion_builder_column fusion-builder-column-0 fusion_builder_column_1_2 1_2 fusion-flex-column\" style=\"--awb-padding-top:20px;--awb-padding-right:20px;--awb-padding-bottom:20px;--awb-bg-size:cover;--awb-width-large:50%;--awb-margin-top-large:0px;--awb-spacing-right-large:25px;--awb-margin-bottom-large:10px;--awb-spacing-left-large:25px;--awb-width-medium:100%;--awb-order-medium:0;--awb-spacing-right-medium:25px;--awb-spacing-left-medium:25px;--awb-width-small:100%;--awb-order-small:0;--awb-spacing-right-small:25px;--awb-spacing-left-small:25px;\"><div class=\"fusion-column-wrapper fusion-column-has-shadow fusion-flex-justify-content-flex-start fusion-content-layout-column\"><div class=\"fusion-text fusion-text-1\" style=\"--awb-text-transform:none;\"><div class=\"wpb_text_column wpb_content_element \">\n<div class=\"wpb_wrapper\">\n<h2>SEMAINE TYPE<\/h2>\n<\/div>\n<\/div>\n<div class=\"wpb_text_column wpb_content_element \">\n<div class=\"wpb_wrapper\">\n<h3>Cours intensif en petit groupe<\/h3>\n<p>Le Franc Parler propose dans <strong>son cursus d\u2019apprentissage du fran\u00e7ais<\/strong> diff\u00e9rentes sessions faisant alterner les p\u00e9riodes de cours, la d\u00e9couverte du patrimoine culturel bordelais, ainsi que la visite du centre de Bordeaux.<\/p>\n<p>Le programme en d\u00e9tail<\/p>\n<ul>\n<li>20 le\u00e7ons dans la semaine<\/li>\n<li>initiation aux vins de bordeaux<\/li>\n<\/ul>\n<p>Apr\u00e8s le cours votre professeur vous propose de prendre le d\u00e9jeuner ensemble dans de petits restaurants du quartier pour prolonger les <strong>b\u00e9n\u00e9fices des le\u00e7ons par des conversations en fran\u00e7ais plus informelles<\/strong>.<\/p>\n<p>Prix : \u20ac 760<\/p>\n<h3>COURS INTENSIF PRIV\u00c9 (ONE-TO-ONE)<\/h3>\n<p>20 le\u00e7ons \/semaine<br \/>\nPrix : \u20ac 1.316<\/p>\n<\/div>\n<\/div>\n<\/div><\/div><\/div><div class=\"fusion-layout-column fusion_builder_column fusion-builder-column-1 fusion_builder_column_1_2 1_2 fusion-flex-column fusion-flex-align-self-center\" style=\"--awb-bg-size:cover;--awb-box-shadow: 0px 0px #000000;;--awb-width-large:50%;--awb-margin-top-large:0px;--awb-spacing-right-large:25px;--awb-margin-bottom-large:10px;--awb-spacing-left-large:25px;--awb-width-medium:100%;--awb-order-medium:0;--awb-spacing-right-medium:25px;--awb-spacing-left-medium:25px;--awb-width-small:100%;--awb-order-small:0;--awb-spacing-right-small:25px;--awb-spacing-left-small:25px;\"><div class=\"fusion-column-wrapper fusion-column-has-shadow fusion-flex-justify-content-center fusion-content-layout-column\"><div class=\"fusion-image-carousel fusion-image-carousel-auto fusion-image-carousel-1 fusion-carousel-border\"><div class=\"awb-carousel awb-swiper awb-swiper-carousel awb-carousel--carousel awb-swiper-dots-position-bottom\" data-layout=\"carousel\" data-autoplay=\"yes\" data-autoplayspeed=\"2500\" data-autoplaypause=\"no\" data-loop=\"yes\" data-columns=\"1\" data-columnsmedium=\"1\" data-columnssmall=\"1\" data-itemmargin=\"13\" data-itemwidth=\"180\" data-touchscroll=\"no\" data-freemode=\"no\" data-imagesize=\"auto\" data-scrollitems=\"0\" data-centeredslides=\"no\" data-rotationangle=\"50\" data-depth=\"100\" data-speed=\"500\" data-shadow=\"no\" data-pagination=\"bullets\" style=\"--awb-columns:1;--awb-border-width:1px;--awb-border-color:#e9eaee;\"><div class=\"swiper-wrapper awb-image-carousel-wrapper fusion-flex-align-items-center\"><div class=\"swiper-slide\"><div class=\"fusion-carousel-item-wrapper\"><div class=\"fusion-image-wrapper hover-type-zoomin\"><img decoding=\"async\" width=\"535\" height=\"302\" src=\"https:\/\/lefrancparler.com\/wp-content\/uploads\/2021\/07\/Your-stay-1.jpg\" class=\"attachment-full size-full\" alt=\"Intensive one-to-one course during your language travel to Bordeaux.\" srcset=\"https:\/\/lefrancparler.com\/wp-content\/uploads\/2021\/07\/Your-stay-1-200x113.jpg 200w, https:\/\/lefrancparler.com\/wp-content\/uploads\/2021\/07\/Your-stay-1-300x169.jpg 300w, https:\/\/lefrancparler.com\/wp-content\/uploads\/2021\/07\/Your-stay-1-400x226.jpg 400w, https:\/\/lefrancparler.com\/wp-content\/uploads\/2021\/07\/Your-stay-1.jpg 535w\" sizes=\"(max-width: 535px) 100vw, 535px\" \/><\/div><\/div><\/div><div class=\"swiper-slide\"><div class=\"fusion-carousel-item-wrapper\"><div class=\"fusion-image-wrapper hover-type-zoomin\"><img decoding=\"async\" width=\"640\" height=\"360\" src=\"https:\/\/lefrancparler.com\/wp-content\/uploads\/2021\/07\/Your-stay-6.jpeg\" class=\"attachment-full size-full\" alt=\"Intensive one-to-one course during your language travel to Bordeaux.\" srcset=\"https:\/\/lefrancparler.com\/wp-content\/uploads\/2021\/07\/Your-stay-6-200x113.jpeg 200w, https:\/\/lefrancparler.com\/wp-content\/uploads\/2021\/07\/Your-stay-6-300x169.jpeg 300w, https:\/\/lefrancparler.com\/wp-content\/uploads\/2021\/07\/Your-stay-6-400x225.jpeg 400w, https:\/\/lefrancparler.com\/wp-content\/uploads\/2021\/07\/Your-stay-6-600x338.jpeg 600w, https:\/\/lefrancparler.com\/wp-content\/uploads\/2021\/07\/Your-stay-6.jpeg 640w\" sizes=\"(max-width: 640px) 100vw, 640px\" \/><\/div><\/div><\/div><div class=\"swiper-slide\"><div class=\"fusion-carousel-item-wrapper\"><div class=\"fusion-image-wrapper hover-type-zoomin\"><img decoding=\"async\" width=\"535\" height=\"302\" src=\"https:\/\/lefrancparler.com\/wp-content\/uploads\/2021\/07\/Your-stay-2.jpg\" class=\"attachment-full size-full\" alt=\"Intensive one-to-one course during your language travel to Bordeaux.\" srcset=\"https:\/\/lefrancparler.com\/wp-content\/uploads\/2021\/07\/Your-stay-2-200x113.jpg 200w, https:\/\/lefrancparler.com\/wp-content\/uploads\/2021\/07\/Your-stay-2-300x169.jpg 300w, https:\/\/lefrancparler.com\/wp-content\/uploads\/2021\/07\/Your-stay-2-400x226.jpg 400w, https:\/\/lefrancparler.com\/wp-content\/uploads\/2021\/07\/Your-stay-2.jpg 535w\" sizes=\"(max-width: 535px) 100vw, 535px\" \/><\/div><\/div><\/div><div class=\"swiper-slide\"><div class=\"fusion-carousel-item-wrapper\"><div class=\"fusion-image-wrapper hover-type-zoomin\"><img decoding=\"async\" width=\"640\" height=\"480\" src=\"https:\/\/lefrancparler.com\/wp-content\/uploads\/2021\/07\/Formation-Le-Franc-Parler.jpg\" class=\"attachment-full size-full\" alt=\"Intensive one-to-one course during your language travel to Bordeaux.\" srcset=\"https:\/\/lefrancparler.com\/wp-content\/uploads\/2021\/07\/Formation-Le-Franc-Parler-200x150.jpg 200w, https:\/\/lefrancparler.com\/wp-content\/uploads\/2021\/07\/Formation-Le-Franc-Parler-300x225.jpg 300w, https:\/\/lefrancparler.com\/wp-content\/uploads\/2021\/07\/Formation-Le-Franc-Parler-400x300.jpg 400w, https:\/\/lefrancparler.com\/wp-content\/uploads\/2021\/07\/Formation-Le-Franc-Parler-600x450.jpg 600w, https:\/\/lefrancparler.com\/wp-content\/uploads\/2021\/07\/Formation-Le-Franc-Parler.jpg 640w\" sizes=\"(max-width: 640px) 100vw, 640px\" \/><\/div><\/div><\/div><\/div><div class=\"awb-swiper-button awb-swiper-button-prev\"><i class=\"awb-icon-angle-left\" aria-hidden=\"true\"><\/i><\/div><div class=\"awb-swiper-button awb-swiper-button-next\"><i class=\"awb-icon-angle-right\" aria-hidden=\"true\"><\/i><\/div><\/div><\/div><\/div><\/div><\/div><\/div><div class=\"fusion-fullwidth fullwidth-box fusion-builder-row-2 fusion-flex-container nonhundred-percent-fullwidth non-hundred-percent-height-scrolling\" style=\"--awb-border-radius-top-left:0px;--awb-border-radius-top-right:0px;--awb-border-radius-bottom-right:0px;--awb-border-radius-bottom-left:0px;--awb-padding-top:50px;--awb-padding-bottom:50px;--awb-margin-top:20px;--awb-background-color:#f2f2f2;--awb-flex-wrap:wrap;\" ><div class=\"fusion-builder-row fusion-row fusion-flex-align-items-flex-start fusion-flex-content-wrap\" style=\"max-width:calc( 1100px + 50px );margin-left: calc(-50px \/ 2 );margin-right: calc(-50px \/ 2 );\"><div class=\"fusion-layout-column fusion_builder_column fusion-builder-column-2 fusion_builder_column_1_2 1_2 fusion-flex-column fusion-flex-align-self-center\" style=\"--awb-bg-color:#f2f2f2;--awb-bg-color-hover:#f2f2f2;--awb-bg-size:cover;--awb-box-shadow: 0px 0px #000000;;--awb-border-color:#d2d3d4;--awb-border-style:solid;--awb-width-large:50%;--awb-margin-top-large:0px;--awb-spacing-right-large:25px;--awb-margin-bottom-large:10px;--awb-spacing-left-large:25px;--awb-width-medium:100%;--awb-order-medium:0;--awb-spacing-right-medium:25px;--awb-spacing-left-medium:25px;--awb-width-small:100%;--awb-order-small:0;--awb-spacing-right-small:25px;--awb-spacing-left-small:25px;\"><div class=\"fusion-column-wrapper fusion-column-has-shadow fusion-flex-justify-content-center fusion-content-layout-column\"><div class=\"fusion-image-carousel fusion-image-carousel-auto fusion-image-carousel-2 fusion-carousel-border\"><div class=\"awb-carousel awb-swiper awb-swiper-carousel awb-carousel--carousel awb-swiper-dots-position-bottom\" data-layout=\"carousel\" data-autoplay=\"no\" data-autoplayspeed=\"2500\" data-autoplaypause=\"no\" data-loop=\"yes\" data-columns=\"1\" data-columnsmedium=\"1\" data-columnssmall=\"1\" data-itemmargin=\"13\" data-itemwidth=\"180\" data-touchscroll=\"no\" data-freemode=\"no\" data-imagesize=\"auto\" data-scrollitems=\"0\" data-centeredslides=\"no\" data-rotationangle=\"50\" data-depth=\"100\" data-speed=\"500\" data-shadow=\"no\" data-pagination=\"bullets\" style=\"--awb-columns:1;--awb-border-width:1px;--awb-border-color:#e9eaee;\"><div class=\"swiper-wrapper awb-image-carousel-wrapper fusion-flex-align-items-center\"><div class=\"swiper-slide\"><div class=\"fusion-carousel-item-wrapper\"><div class=\"fusion-image-wrapper hover-type-none\"><img decoding=\"async\" width=\"480\" height=\"640\" src=\"https:\/\/lefrancparler.com\/wp-content\/uploads\/2021\/07\/Your-stay-3.jpg\" class=\"attachment-full size-full\" alt=\"Beispielhafte Unterkunft w\u00e4hrend Ihrer Sprachreise in Bordeaux.\" srcset=\"https:\/\/lefrancparler.com\/wp-content\/uploads\/2021\/07\/Your-stay-3-200x267.jpg 200w, https:\/\/lefrancparler.com\/wp-content\/uploads\/2021\/07\/Your-stay-3-225x300.jpg 225w, https:\/\/lefrancparler.com\/wp-content\/uploads\/2021\/07\/Your-stay-3-400x533.jpg 400w, https:\/\/lefrancparler.com\/wp-content\/uploads\/2021\/07\/Your-stay-3.jpg 480w\" sizes=\"(max-width: 480px) 100vw, 480px\" \/><\/div><\/div><\/div><div class=\"swiper-slide\"><div class=\"fusion-carousel-item-wrapper\"><div class=\"fusion-image-wrapper hover-type-none\"><img decoding=\"async\" width=\"535\" height=\"630\" src=\"https:\/\/lefrancparler.com\/wp-content\/uploads\/2021\/07\/Your-stay-5.jpg\" class=\"attachment-full size-full\" alt=\"Exemplary accommodation during your language travel to Bordeaux\" srcset=\"https:\/\/lefrancparler.com\/wp-content\/uploads\/2021\/07\/Your-stay-5-200x236.jpg 200w, https:\/\/lefrancparler.com\/wp-content\/uploads\/2021\/07\/Your-stay-5-255x300.jpg 255w, https:\/\/lefrancparler.com\/wp-content\/uploads\/2021\/07\/Your-stay-5-400x471.jpg 400w, https:\/\/lefrancparler.com\/wp-content\/uploads\/2021\/07\/Your-stay-5.jpg 535w\" sizes=\"(max-width: 535px) 100vw, 535px\" \/><\/div><\/div><\/div><div class=\"swiper-slide\"><div class=\"fusion-carousel-item-wrapper\"><div class=\"fusion-image-wrapper hover-type-none\"><img decoding=\"async\" width=\"480\" height=\"640\" src=\"https:\/\/lefrancparler.com\/wp-content\/uploads\/2021\/07\/Notre-meilleur-adresse-our-best-address.jpg\" class=\"attachment-full size-full\" alt=\"Exemplary accommodation during your language travel to Bordeaux\" srcset=\"https:\/\/lefrancparler.com\/wp-content\/uploads\/2021\/07\/Notre-meilleur-adresse-our-best-address-200x267.jpg 200w, https:\/\/lefrancparler.com\/wp-content\/uploads\/2021\/07\/Notre-meilleur-adresse-our-best-address-225x300.jpg 225w, https:\/\/lefrancparler.com\/wp-content\/uploads\/2021\/07\/Notre-meilleur-adresse-our-best-address-400x533.jpg 400w, https:\/\/lefrancparler.com\/wp-content\/uploads\/2021\/07\/Notre-meilleur-adresse-our-best-address.jpg 480w\" sizes=\"(max-width: 480px) 100vw, 480px\" \/><\/div><\/div><\/div><\/div><div class=\"awb-swiper-button awb-swiper-button-prev\"><i class=\"awb-icon-angle-left\" aria-hidden=\"true\"><\/i><\/div><div class=\"awb-swiper-button awb-swiper-button-next\"><i class=\"awb-icon-angle-right\" aria-hidden=\"true\"><\/i><\/div><\/div><\/div><\/div><\/div><div class=\"fusion-layout-column fusion_builder_column fusion-builder-column-3 fusion_builder_column_1_2 1_2 fusion-flex-column\" style=\"--awb-padding-right:20px;--awb-padding-left:20px;--awb-bg-size:cover;--awb-width-large:50%;--awb-margin-top-large:0px;--awb-spacing-right-large:25px;--awb-margin-bottom-large:10px;--awb-spacing-left-large:25px;--awb-width-medium:100%;--awb-order-medium:0;--awb-spacing-right-medium:25px;--awb-spacing-left-medium:25px;--awb-width-small:100%;--awb-order-small:0;--awb-spacing-right-small:25px;--awb-spacing-left-small:25px;\"><div class=\"fusion-column-wrapper fusion-column-has-shadow fusion-flex-justify-content-flex-start fusion-content-layout-column\"><div class=\"fusion-text fusion-text-2\"><div class=\"wpb_text_column wpb_content_element \">\n<div class=\"wpb_wrapper\">\n<h2>H\u00c9BERGEMENT<\/h2>\n<\/div>\n<\/div>\n<h4 class=\"vc_empty_space\"><strong>Familles d\u2019accueil<\/strong><\/h4>\n<div class=\"wpb_text_column wpb_content_element \">\n<div class=\"wpb_wrapper\">\n<p><strong>L\u2019\u00e9cole du Franc Parler<\/strong> assure un suivi complet de votre s\u00e9jour \u00e0 Bordeaux. Ce suivi inclut l\u2019h\u00e9bergement des \u00e9tudiants dans des familles d\u2019accueil, toutes choisies avec soin pour garantir une immersion optimale.<\/p>\n<p>L\u2019h\u00e9bergement est confortable et calme; toutes les familles sont s\u00e9lectionn\u00e9es personnellement par la directrice du centre.<\/p>\n<h4><strong>Nos garanties:<\/strong><\/h4>\n<ul>\n<li>un seul \u00e9tudiant par famille<\/li>\n<li>famille francophone langue maternelle<\/li>\n<li>une chambre individuelle avec bureau<\/li>\n<li>certaines avec salle de bains privative<\/li>\n<li>les adresses sont situ\u00e9es dans la ville de Bordeaux, dans le plein centre (cat\u00e9gorie de prix A) ou plus \u00e9loign\u00e9es mais toujours accessibles par les transports en commun (Tram ou bus) (cat\u00e9gorie de prix B).<\/li>\n<\/ul>\n<\/div>\n<\/div>\n<\/div><\/div><\/div><\/div><\/div><div class=\"fusion-fullwidth fullwidth-box fusion-builder-row-3 fusion-flex-container nonhundred-percent-fullwidth non-hundred-percent-height-scrolling\" style=\"--awb-border-radius-top-left:0px;--awb-border-radius-top-right:0px;--awb-border-radius-bottom-right:0px;--awb-border-radius-bottom-left:0px;--awb-padding-top:20px;--awb-padding-bottom:20px;--awb-margin-top:20px;--awb-flex-wrap:wrap;\" ><div class=\"fusion-builder-row fusion-row fusion-flex-align-items-center fusion-flex-content-wrap\" style=\"max-width:calc( 1100px + 50px );margin-left: calc(-50px \/ 2 );margin-right: calc(-50px \/ 2 );\"><div class=\"fusion-layout-column fusion_builder_column fusion-builder-column-4 fusion_builder_column_1_1 1_1 fusion-flex-column\" style=\"--awb-bg-size:cover;--awb-width-large:100%;--awb-margin-top-large:0px;--awb-spacing-right-large:25px;--awb-margin-bottom-large:10px;--awb-spacing-left-large:20px;--awb-width-medium:100%;--awb-order-medium:0;--awb-spacing-right-medium:25px;--awb-spacing-left-medium:25px;--awb-width-small:100%;--awb-order-small:0;--awb-spacing-right-small:25px;--awb-spacing-left-small:25px;\"><div class=\"fusion-column-wrapper fusion-column-has-shadow fusion-flex-justify-content-flex-start fusion-content-layout-column\"><div class=\"fusion-text fusion-text-3\" style=\"--awb-text-transform:none;\"><h2>QU\u2019APPELLE-T-ON UNE FAMILLE?<\/h2>\n<p>Il peut s\u2019agir d\u2019un couple avec enfants ou dont les enfants ne sont plus \u00e0 la maison, \u00e9galement d\u2019une femme seule ou avec des enfants lyc\u00e9ens ou \u00e9tudiants. Si vous choisissez un h\u00e9bergement dans une famille, nous vous demandons vos pr\u00e9f\u00e9rences en ce qui concerne le type de famille et nous nous effor\u00e7ons d\u2019harmoniser les \u00e2ges et les go\u00fbts culturels. Pour que votre s\u00e9jour soit r\u00e9ussi!<\/p>\n<p>Le s\u00e9jour en famille commence un dimanche et se termine un samedi. Avant votre d\u00e9part, vous recevrez l\u2019adresse, le num\u00e9ro de t\u00e9l\u00e9phone et l\u2019adresse courriel de votre famille afin de pr\u00e9parer au mieux votre arriv\u00e9e.<\/p>\n<p><strong>80-95 \u20ac<\/strong> par jour pour une demi-pension en famille (petit d\u00e9jeuner et d\u00eener), d\u00e9pend de l\u2019emplacement, salle de bain priv\u00e9e ou partag\u00e9e, jardin, taille de la chambre etc.<\/p>\n<p>Frais de mise en relation avec les familles: <strong>64 \u20ac<\/strong><\/p>\n<\/div><\/div><\/div><\/div><\/div><div class=\"fusion-fullwidth fullwidth-box fusion-builder-row-4 fusion-flex-container nonhundred-percent-fullwidth non-hundred-percent-height-scrolling\" style=\"--awb-border-radius-top-left:0px;--awb-border-radius-top-right:0px;--awb-border-radius-bottom-right:0px;--awb-border-radius-bottom-left:0px;--awb-padding-top:30px;--awb-padding-bottom:20px;--awb-margin-bottom:20px;--awb-background-color:#f2f2f2;--awb-flex-wrap:wrap;\" ><div class=\"fusion-builder-row fusion-row fusion-flex-align-items-center fusion-flex-content-wrap\" style=\"max-width:calc( 1100px + 50px );margin-left: calc(-50px \/ 2 );margin-right: calc(-50px \/ 2 );\"><div class=\"fusion-layout-column fusion_builder_column fusion-builder-column-5 fusion_builder_column_1_2 1_2 fusion-flex-column\" style=\"--awb-bg-size:cover;--awb-width-large:50%;--awb-margin-top-large:0px;--awb-spacing-right-large:25px;--awb-margin-bottom-large:10px;--awb-spacing-left-large:20px;--awb-width-medium:100%;--awb-order-medium:0;--awb-spacing-right-medium:25px;--awb-spacing-left-medium:25px;--awb-width-small:100%;--awb-order-small:0;--awb-spacing-right-small:25px;--awb-spacing-left-small:25px;\"><div class=\"fusion-column-wrapper fusion-column-has-shadow fusion-flex-justify-content-flex-start fusion-content-layout-column\"><div class=\"fusion-text fusion-text-4\"><div class=\"wpb_text_column wpb_content_element \">\n<div class=\"wpb_wrapper\">\n<h2>APPARTEMENTS MEUBL\u00c9S<\/h2>\n<p>Si vous pr\u00e9f\u00e9rez votre ind\u00e9pendance, nous vous proposons de vous tourner vers la location d\u2019appartements meubl\u00e9s \u00e0 louer \u00e0 la semaine, dans le centre historique.<br \/>\nDe nombreux sites internet proposent des locations \u00e0 la semaine; studio, F1, F2 en plein coeur de Bordeaux.<\/p>\n<\/div>\n<\/div>\n<div class=\"vc_empty_space\"><\/div>\n<\/div><\/div><\/div><div class=\"fusion-layout-column fusion_builder_column fusion-builder-column-6 fusion_builder_column_1_2 1_2 fusion-flex-column\" style=\"--awb-bg-size:cover;--awb-width-large:50%;--awb-margin-top-large:0px;--awb-spacing-right-large:25px;--awb-margin-bottom-large:10px;--awb-spacing-left-large:25px;--awb-width-medium:100%;--awb-order-medium:0;--awb-spacing-right-medium:25px;--awb-spacing-left-medium:25px;--awb-width-small:100%;--awb-order-small:0;--awb-spacing-right-small:25px;--awb-spacing-left-small:25px;\"><div class=\"fusion-column-wrapper fusion-column-has-shadow fusion-flex-justify-content-flex-start fusion-content-layout-column\"><div class=\"fusion-image-element \" style=\"text-align:center;--awb-caption-title-font-family:var(--h2_typography-font-family);--awb-caption-title-font-weight:var(--h2_typography-font-weight);--awb-caption-title-font-style:var(--h2_typography-font-style);--awb-caption-title-size:var(--h2_typography-font-size);--awb-caption-title-transform:var(--h2_typography-text-transform);--awb-caption-title-line-height:var(--h2_typography-line-height);--awb-caption-title-letter-spacing:var(--h2_typography-letter-spacing);\"><span class=\" fusion-imageframe imageframe-dropshadow imageframe-1 hover-type-zoomin\" style=\"border:2px solid #d2d3d4;-webkit-box-shadow: 3px 3px 7px rgba(0,0,0,0.3);box-shadow: 3px 3px 7px rgba(0,0,0,0.3);\"><img decoding=\"async\" width=\"535\" height=\"401\" alt=\"m\u00f6blierte Wohnung mieten als alternative zur Gastfamilie w\u00e4hrend Ihres Sprachurlaubs in Bordeaux\" title=\"Your-stay-4\" src=\"https:\/\/lefrancparler.com\/wp-content\/uploads\/2021\/07\/Your-stay-4.jpg\" class=\"img-responsive wp-image-2410\" srcset=\"https:\/\/lefrancparler.com\/wp-content\/uploads\/2021\/07\/Your-stay-4-200x150.jpg 200w, https:\/\/lefrancparler.com\/wp-content\/uploads\/2021\/07\/Your-stay-4-400x300.jpg 400w, https:\/\/lefrancparler.com\/wp-content\/uploads\/2021\/07\/Your-stay-4.jpg 535w\" sizes=\"(max-width: 1024px) 100vw, (max-width: 640px) 100vw, 535px\" \/><\/span><\/div><\/div><\/div><\/div><\/div><div class=\"fusion-fullwidth fullwidth-box fusion-builder-row-5 fusion-flex-container nonhundred-percent-fullwidth non-hundred-percent-height-scrolling\" style=\"--awb-border-radius-top-left:0px;--awb-border-radius-top-right:0px;--awb-border-radius-bottom-right:0px;--awb-border-radius-bottom-left:0px;--awb-padding-top:20px;--awb-padding-bottom:20px;--awb-flex-wrap:wrap;\" ><div class=\"fusion-builder-row fusion-row fusion-flex-align-items-center fusion-flex-content-wrap\" style=\"max-width:calc( 1100px + 50px );margin-left: calc(-50px \/ 2 );margin-right: calc(-50px \/ 2 );\"><div class=\"fusion-layout-column fusion_builder_column fusion-builder-column-7 fusion_builder_column_1_1 1_1 fusion-flex-column\" style=\"--awb-bg-size:cover;--awb-width-large:100%;--awb-margin-top-large:0px;--awb-spacing-right-large:25px;--awb-margin-bottom-large:10px;--awb-spacing-left-large:20px;--awb-width-medium:100%;--awb-order-medium:0;--awb-spacing-right-medium:25px;--awb-spacing-left-medium:25px;--awb-width-small:100%;--awb-order-small:0;--awb-spacing-right-small:25px;--awb-spacing-left-small:25px;\"><div class=\"fusion-column-wrapper fusion-column-has-shadow fusion-flex-justify-content-flex-start fusion-content-layout-column\"><div class=\"fusion-text fusion-text-5\"><div class=\"wpb_text_column wpb_content_element \">\n<div class=\"wpb_wrapper\">\n<h2>H\u00d4TELS \/ BNB<\/h2>\n<p>Toutes les gammes sont bien s\u00fbr repr\u00e9sent\u00e9es; y compris les h\u00f4tels-appart.<\/p>\n<p>Sachez qu\u2019en plein centre-ville vous avez \u00e0 votre disposition plus d\u2019une dizaine d\u2019h\u00f4tels de 1 ou 2 \u00e9toiles.<\/p>\n<p>If you prefer a B&amp;B, there are numerous possibilities.<\/p>\n<p>Pour ne favoriser personne, nous vous proposons de vous rendre sur le site de l\u2019Office de tourisme de Bordeaux:<\/p>\n<p><a href=\"https:\/\/www.bordeaux-tourisme.com\/\">www.bordeaux-tourisme.com<\/a><\/p>\n<\/div>\n<\/div>\n<div class=\"vc_empty_space\"><\/div>\n<\/div><\/div><\/div><\/div><\/div><div class=\"fusion-fullwidth fullwidth-box fusion-builder-row-6 fusion-flex-container nonhundred-percent-fullwidth non-hundred-percent-height-scrolling\" style=\"--awb-border-radius-top-left:0px;--awb-border-radius-top-right:0px;--awb-border-radius-bottom-right:0px;--awb-border-radius-bottom-left:0px;--awb-padding-top:30px;--awb-padding-bottom:20px;--awb-margin-bottom:20px;--awb-background-color:#f2f2f2;--awb-flex-wrap:wrap;\" ><div class=\"fusion-builder-row fusion-row fusion-flex-align-items-center fusion-flex-content-wrap\" style=\"max-width:calc( 1100px + 50px );margin-left: calc(-50px \/ 2 );margin-right: calc(-50px \/ 2 );\"><div class=\"fusion-layout-column fusion_builder_column fusion-builder-column-8 fusion_builder_column_1_1 1_1 fusion-flex-column\" style=\"--awb-bg-size:cover;--awb-width-large:100%;--awb-margin-top-large:0px;--awb-spacing-right-large:25px;--awb-margin-bottom-large:10px;--awb-spacing-left-large:20px;--awb-width-medium:100%;--awb-order-medium:0;--awb-spacing-right-medium:25px;--awb-spacing-left-medium:25px;--awb-width-small:100%;--awb-order-small:0;--awb-spacing-right-small:25px;--awb-spacing-left-small:25px;\"><div class=\"fusion-column-wrapper fusion-column-has-shadow fusion-flex-justify-content-flex-start fusion-content-layout-column\"><div class=\"fusion-text fusion-text-6\"><div class=\"wpb_text_column wpb_content_element \">\n<div class=\"wpb_wrapper\">\n<h2>COMMENT SE PASSE LE TRANSFERT DEPUIS L\u2019A\u00c9ROPORT OU LA GARE?<\/h2>\n<p>Pour les s\u00e9jours en famille, les transferts sont assur\u00e9s par les familles d\u2019accueil.<\/p>\n<p>Pour les autres h\u00e9bergements, nous vous donnons sur demande toutes les informations Tram, bus et taxi pour arriver \u00e0 votre h\u00e9bergement.<\/p>\n<p>Cela dit un transfert peut \u00eatre assur\u00e9 si vous en ressentez le besoin: vous serez accueilli(es) \u00e0 l\u2019a\u00e9roport et\/ou en gare SNCF et accompagn\u00e9(es) sur le lieu d\u2019h\u00e9bergement de votre choix Prix forfaitaire de 42\u20ac par trajet.<\/p>\n<\/div>\n<\/div>\n<\/div><\/div><\/div><\/div><\/div><div class=\"fusion-fullwidth fullwidth-box fusion-builder-row-7 fusion-flex-container has-pattern-background has-mask-background nonhundred-percent-fullwidth non-hundred-percent-height-scrolling\" style=\"--awb-border-radius-top-left:0px;--awb-border-radius-top-right:0px;--awb-border-radius-bottom-right:0px;--awb-border-radius-bottom-left:0px;--awb-padding-top:30px;--awb-margin-top:30px;--awb-margin-bottom:10px;--awb-background-color:var(--awb-color8);--awb-flex-wrap:wrap;\" ><div class=\"fusion-builder-row fusion-row fusion-flex-align-items-center fusion-flex-content-wrap\" style=\"max-width:1144px;margin-left: calc(-4% \/ 2 );margin-right: calc(-4% \/ 2 );\"><div class=\"fusion-layout-column fusion_builder_column fusion-builder-column-9 fusion_builder_column_2_3 2_3 fusion-flex-column\" style=\"--awb-bg-size:cover;--awb-width-large:66.666666666667%;--awb-margin-top-large:0px;--awb-spacing-right-large:2.88%;--awb-margin-bottom-large:10px;--awb-spacing-left-large:2.88%;--awb-width-medium:100%;--awb-order-medium:0;--awb-spacing-right-medium:1.92%;--awb-spacing-left-medium:1.92%;--awb-width-small:100%;--awb-order-small:0;--awb-spacing-right-small:1.92%;--awb-spacing-left-small:1.92%;\"><div class=\"fusion-column-wrapper fusion-column-has-shadow fusion-flex-justify-content-flex-start fusion-content-layout-column\"><div class=\"fusion-text fusion-text-7 fusion-text-no-margin\" style=\"--awb-margin-top:0px;--awb-margin-right:0px;--awb-margin-bottom:0px;--awb-margin-left:0px;\"><h2 style=\"color: #ffffff;\">Apprendre le fran\u00e7ais avec passion, engagement &amp; culture.<\/h2>\n<\/div><\/div><\/div><div class=\"fusion-layout-column fusion_builder_column fusion-builder-column-10 fusion_builder_column_1_3 1_3 fusion-flex-column\" style=\"--awb-bg-size:cover;--awb-width-large:33.333333333333%;--awb-margin-top-large:0px;--awb-spacing-right-large:5.76%;--awb-margin-bottom-large:10px;--awb-spacing-left-large:5.76%;--awb-width-medium:100%;--awb-order-medium:0;--awb-spacing-right-medium:1.92%;--awb-spacing-left-medium:1.92%;--awb-width-small:100%;--awb-order-small:0;--awb-spacing-right-small:1.92%;--awb-spacing-left-small:1.92%;\"><div class=\"fusion-column-wrapper fusion-column-has-shadow fusion-flex-justify-content-flex-start fusion-content-layout-column\"><div ><a class=\"fusion-button button-3d button-xlarge button-custom fusion-button-default button-1 fusion-button-default-span fusion-button-default-type\" style=\"--awb-margin-bottom:30px;--button_accent_color:#ffffff;--button_accent_hover_color:#ffffff;--button_border_hover_color:#ffffff;--button_gradient_top_color:#c71111;--button_gradient_bottom_color:#c71111;--button_gradient_top_color_hover:#b20e0e;--button_gradient_bottom_color_hover:#b20e0e;\" target=\"_self\" href=\"https:\/\/lefrancparler.com\/fr\/contact\/\"><i class=\"fa-paper-plane fas awb-button__icon awb-button__icon--default button-icon-left\" aria-hidden=\"true\"><\/i><span class=\"fusion-button-text awb-button__text awb-button__text--default\">Contact<\/span><\/a><\/div><\/div><\/div><\/div><\/div>\n<\/p>\n","protected":false},"excerpt":{"rendered":"","protected":false},"author":1,"featured_media":0,"parent":0,"menu_order":0,"comment_status":"closed","ping_status":"closed","template":"100-width.php","meta":{"footnotes":""},"class_list":["post-2673","page","type-page","status-publish","hentry"],"_links":{"self":[{"href":"https:\/\/lefrancparler.com\/fr\/wp-json\/wp\/v2\/pages\/2673","targetHints":{"allow":["GET"]}}],"collection":[{"href":"https:\/\/lefrancparler.com\/fr\/wp-json\/wp\/v2\/pages"}],"about":[{"href":"https:\/\/lefrancparler.com\/fr\/wp-json\/wp\/v2\/types\/page"}],"author":[{"embeddable":true,"href":"https:\/\/lefrancparler.com\/fr\/wp-json\/wp\/v2\/users\/1"}],"replies":[{"embeddable":true,"href":"https:\/\/lefrancparler.com\/fr\/wp-json\/wp\/v2\/comments?post=2673"}],"version-history":[{"count":41,"href":"https:\/\/lefrancparler.com\/fr\/wp-json\/wp\/v2\/pages\/2673\/revisions"}],"predecessor-version":[{"id":7471,"href":"https:\/\/lefrancparler.com\/fr\/wp-json\/wp\/v2\/pages\/2673\/revisions\/7471"}],"wp:attachment":[{"href":"https:\/\/lefrancparler.com\/fr\/wp-json\/wp\/v2\/media?parent=2673"}],"curies":[{"name":"wp","href":"https:\/\/api.w.org\/{rel}","templated":true}]}}